{"id":332,"date":"2015-09-14T12:18:10","date_gmt":"2015-09-14T10:18:10","guid":{"rendered":"http:\/\/stiff2015.stiff.es\/es\/?page_id=332"},"modified":"2024-01-30T10:24:49","modified_gmt":"2024-01-30T09:24:49","slug":"trayectoria","status":"publish","type":"page","link":"https:\/\/www.stiff.es\/es\/trayectoria\/","title":{"rendered":"Trayectoria"},"content":{"rendered":"<div style=\"text-align: justify;\">\n<p>Nac\u00ed el 2 de agosto de 1960 en M\u00fcnster, donde curs\u00e9 los primeros a\u00f1os de formaci\u00f3n escolar. Ya de ni\u00f1o pasaba largas temporadas todos los a\u00f1os en Mallorca u otros lugares de Espa\u00f1a. Paralelamente al \u00abAbitur\u00bb (examen de aptitud para el acceso a la Universidad en Alemania), conclu\u00ed una formaci\u00f3n profesional como carpintero. Despu\u00e9s viv\u00ed un a\u00f1o en Espa\u00f1a, donde perfeccion\u00e9 mis conocimientos de espa\u00f1ol en la escuela de idiomas Inlingua. Desde 1983 hasta 1989 curs\u00e9 la carrera de Derecho en las universidades de M\u00fcnster, Friburgo y Berl\u00edn.Durante mi posterior periodo de pr\u00e1cticas, trabaj\u00e9 en un despacho de abogados en Palma de Mallorca y como profesor de Derecho administrativo y civil en cursos privados. Una vez superado mi segundo examen estatal, con lo que me convert\u00ed en la quinta generaci\u00f3n familiar de juristas, en 1993 me inici\u00e9 como abogado aut\u00f3nomo.<\/p>\n<p>En los a\u00f1os siguientes me concentr\u00e9 cada vez m\u00e1s en asuntos legales hispano-alemanes. Posteriormente, curs\u00e9 estudios suplementarios en la Universidad San Pablo de Madrid, donde en 1999 super\u00e9 el examen de homologaci\u00f3n y aptitud para el acceso al ejercicio de la abogac\u00eda en Espa\u00f1a ante el Ministerio de Justicia espa\u00f1ol. En el a\u00f1o 2000 fui admitido por el Ilustre Colegio de Abogados de Palma de Mallorca, donde en 2002 fund\u00e9 el \u00abBufete Hispano-Alem\u00e1n\u00bb. Antes de eso me cualifiqu\u00e9, adem\u00e1s, como abogado especialista en Derecho administrativo y obtuve el doctorado en Derecho privado espa\u00f1ol.<\/p>\n<p>Desde a\u00f1o 2008 soy profesor del derecho civil espa\u00f1ol de la Westf\u00e4lische Wilhelms-Universit\u00e4t M\u00fcnster.<\/p>\n<p>Soy miembro de la de la C\u00e1mara de Comercio Exterior alemana, con sede en Madrid y Barcelona, de la C\u00e1mara de Comercio Exterior espa\u00f1ola, con sede en Frankfurt, de la Sociedad Alemana de Derecho de Viajes y de la Asociaci\u00f3n Hispano-Alemana de Juristas, para la que organic\u00e9 un congreso anual que tuvo lugar en M\u00fcnster (Alemania) del 14 al 18 de junio de 2006.<\/p>\n<p><a href=\"https:\/\/www.stiff.es\/wp-content\/uploads\/2015\/09\/2006-06-14-muenster.pdf\" target=\"_blank\" rel=\"noopener noreferrer\">Art\u00edculo de prensa sobre el congreso de M\u00fcnster.<\/a><\/p>\n<\/div>\n","protected":false},"excerpt":{"rendered":"<p>Nac\u00ed el 2 de agosto de 1960 en M\u00fcnster, donde curs\u00e9 los primeros a\u00f1os de formaci\u00f3n escolar. Ya de ni\u00f1o pasaba largas temporadas todos los a\u00f1os en Mallorca u otros lugares de Espa\u00f1a. Paralelamente al \u00abAbitur\u00bb (examen de aptitud para el acceso a la Universidad en Alemania), conclu\u00ed una formaci\u00f3n profesional como carpintero. Despu\u00e9s viv\u00ed [&hellip;]<\/p>\n","protected":false},"author":3,"featured_media":0,"parent":0,"menu_order":0,"comment_status":"closed","ping_status":"closed","template":"","meta":{"footnotes":""},"class_list":["post-332","page","type-page","status-publish","hentry"],"yoast_head":"<!-- This site is optimized with the Yoast SEO plugin v24.5 - https:\/\/yoast.com\/wordpress\/plugins\/seo\/ -->\n<title>Trayectoria de STIFF: Experiencia Legal en Espa\u00f1a<\/title>\n<meta name=\"description\" content=\"Descubre la trayectoria de STIFF. Experiencia legal en Espa\u00f1a para asuntos de herencia e inmuebles \u25b6 Cont\u00e1ctanos para obtener asesoramiento legal. \u2713\" \/>\n<meta name=\"robots\" content=\"index, follow, max-snippet:-1, max-image-preview:large, max-video-preview:-1\" \/>\n<link rel=\"canonical\" href=\"https:\/\/www.stiff.es\/es\/trayectoria\/\" \/>\n<meta property=\"og:locale\" content=\"es_ES\" \/>\n<meta property=\"og:type\" content=\"article\" \/>\n<meta property=\"og:title\" content=\"Trayectoria de STIFF: Experiencia Legal en Espa\u00f1a\" \/>\n<meta property=\"og:description\" content=\"Descubre la trayectoria de STIFF. Experiencia legal en Espa\u00f1a para asuntos de herencia e inmuebles \u25b6 Cont\u00e1ctanos para obtener asesoramiento legal. \u2713\" \/>\n<meta property=\"og:url\" content=\"https:\/\/www.stiff.es\/es\/trayectoria\/\" \/>\n<meta property=\"og:site_name\" content=\"Dr. Manuel Stiff: Abogado con licencia en Espa\u00f1a y Alemania\" \/>\n<meta property=\"article:modified_time\" content=\"2024-01-30T09:24:49+00:00\" \/>\n<meta name=\"twitter:card\" content=\"summary_large_image\" \/>\n<meta name=\"twitter:label1\" content=\"Tiempo de lectura\" \/>\n\t<meta name=\"twitter:data1\" content=\"2 minutos\" \/>\n<script type=\"application\/ld+json\" class=\"yoast-schema-graph\">{\"@context\":\"https:\/\/schema.org\",\"@graph\":[{\"@type\":\"WebPage\",\"@id\":\"https:\/\/www.stiff.es\/es\/trayectoria\/\",\"url\":\"https:\/\/www.stiff.es\/es\/trayectoria\/\",\"name\":\"Trayectoria de STIFF: Experiencia Legal en Espa\u00f1a\",\"isPartOf\":{\"@id\":\"https:\/\/www.stiff.es\/#website\"},\"datePublished\":\"2015-09-14T10:18:10+00:00\",\"dateModified\":\"2024-01-30T09:24:49+00:00\",\"description\":\"Descubre la trayectoria de STIFF. Experiencia legal en Espa\u00f1a para asuntos de herencia e inmuebles \u25b6 Cont\u00e1ctanos para obtener asesoramiento legal. \u2713\",\"breadcrumb\":{\"@id\":\"https:\/\/www.stiff.es\/es\/trayectoria\/#breadcrumb\"},\"inLanguage\":\"es\",\"potentialAction\":[{\"@type\":\"ReadAction\",\"target\":[\"https:\/\/www.stiff.es\/es\/trayectoria\/\"]}]},{\"@type\":\"BreadcrumbList\",\"@id\":\"https:\/\/www.stiff.es\/es\/trayectoria\/#breadcrumb\",\"itemListElement\":[{\"@type\":\"ListItem\",\"position\":1,\"name\":\"Home\",\"item\":\"https:\/\/www.stiff.es\/es\/\"},{\"@type\":\"ListItem\",\"position\":2,\"name\":\"Trayectoria\"}]},{\"@type\":\"WebSite\",\"@id\":\"https:\/\/www.stiff.es\/#website\",\"url\":\"https:\/\/www.stiff.es\/\",\"name\":\"Dr. Manuel Stiff: Abogado con licencia en Espa\u00f1a y Alemania\",\"description\":\"Eine weitere WordPress-Seite\",\"potentialAction\":[{\"@type\":\"SearchAction\",\"target\":{\"@type\":\"EntryPoint\",\"urlTemplate\":\"https:\/\/www.stiff.es\/?s={search_term_string}\"},\"query-input\":{\"@type\":\"PropertyValueSpecification\",\"valueRequired\":true,\"valueName\":\"search_term_string\"}}],\"inLanguage\":\"es\"}]}<\/script>\n<!-- \/ Yoast SEO plugin. -->","yoast_head_json":{"title":"Trayectoria de STIFF: Experiencia Legal en Espa\u00f1a","description":"Descubre la trayectoria de STIFF. Experiencia legal en Espa\u00f1a para asuntos de herencia e inmuebles \u25b6 Cont\u00e1ctanos para obtener asesoramiento legal. \u2713","robots":{"index":"index","follow":"follow","max-snippet":"max-snippet:-1","max-image-preview":"max-image-preview:large","max-video-preview":"max-video-preview:-1"},"canonical":"https:\/\/www.stiff.es\/es\/trayectoria\/","og_locale":"es_ES","og_type":"article","og_title":"Trayectoria de STIFF: Experiencia Legal en Espa\u00f1a","og_description":"Descubre la trayectoria de STIFF. Experiencia legal en Espa\u00f1a para asuntos de herencia e inmuebles \u25b6 Cont\u00e1ctanos para obtener asesoramiento legal. \u2713","og_url":"https:\/\/www.stiff.es\/es\/trayectoria\/","og_site_name":"Dr. Manuel Stiff: Abogado con licencia en Espa\u00f1a y Alemania","article_modified_time":"2024-01-30T09:24:49+00:00","twitter_card":"summary_large_image","twitter_misc":{"Tiempo de lectura":"2 minutos"},"schema":{"@context":"https:\/\/schema.org","@graph":[{"@type":"WebPage","@id":"https:\/\/www.stiff.es\/es\/trayectoria\/","url":"https:\/\/www.stiff.es\/es\/trayectoria\/","name":"Trayectoria de STIFF: Experiencia Legal en Espa\u00f1a","isPartOf":{"@id":"https:\/\/www.stiff.es\/#website"},"datePublished":"2015-09-14T10:18:10+00:00","dateModified":"2024-01-30T09:24:49+00:00","description":"Descubre la trayectoria de STIFF. Experiencia legal en Espa\u00f1a para asuntos de herencia e inmuebles \u25b6 Cont\u00e1ctanos para obtener asesoramiento legal. \u2713","breadcrumb":{"@id":"https:\/\/www.stiff.es\/es\/trayectoria\/#breadcrumb"},"inLanguage":"es","potentialAction":[{"@type":"ReadAction","target":["https:\/\/www.stiff.es\/es\/trayectoria\/"]}]},{"@type":"BreadcrumbList","@id":"https:\/\/www.stiff.es\/es\/trayectoria\/#breadcrumb","itemListElement":[{"@type":"ListItem","position":1,"name":"Home","item":"https:\/\/www.stiff.es\/es\/"},{"@type":"ListItem","position":2,"name":"Trayectoria"}]},{"@type":"WebSite","@id":"https:\/\/www.stiff.es\/#website","url":"https:\/\/www.stiff.es\/","name":"Dr. Manuel Stiff: Abogado con licencia en Espa\u00f1a y Alemania","description":"Eine weitere WordPress-Seite","potentialAction":[{"@type":"SearchAction","target":{"@type":"EntryPoint","urlTemplate":"https:\/\/www.stiff.es\/?s={search_term_string}"},"query-input":{"@type":"PropertyValueSpecification","valueRequired":true,"valueName":"search_term_string"}}],"inLanguage":"es"}]}},"_links":{"self":[{"href":"https:\/\/www.stiff.es\/es\/wp-json\/wp\/v2\/pages\/332","targetHints":{"allow":["GET"]}}],"collection":[{"href":"https:\/\/www.stiff.es\/es\/wp-json\/wp\/v2\/pages"}],"about":[{"href":"https:\/\/www.stiff.es\/es\/wp-json\/wp\/v2\/types\/page"}],"author":[{"embeddable":true,"href":"https:\/\/www.stiff.es\/es\/wp-json\/wp\/v2\/users\/3"}],"replies":[{"embeddable":true,"href":"https:\/\/www.stiff.es\/es\/wp-json\/wp\/v2\/comments?post=332"}],"version-history":[{"count":0,"href":"https:\/\/www.stiff.es\/es\/wp-json\/wp\/v2\/pages\/332\/revisions"}],"wp:attachment":[{"href":"https:\/\/www.stiff.es\/es\/wp-json\/wp\/v2\/media?parent=332"}],"curies":[{"name":"wp","href":"https:\/\/api.w.org\/{rel}","templated":true}]}}